{"id":2469,"date":"2023-08-31T17:26:43","date_gmt":"2023-08-31T15:26:43","guid":{"rendered":"https:\/\/evang.si\/?post_type=mec-events&#038;p=2469"},"modified":"2023-08-31T17:26:43","modified_gmt":"2023-08-31T15:26:43","slug":"kuzmicev-vikend-s-svecanim-bogosluzjem-v-bodoncih","status":"publish","type":"mec-events","link":"https:\/\/evang.si\/de\/events\/kuzmicev-vikend-s-svecanim-bogosluzjem-v-bodoncih\/","title":{"rendered":"K\u00fczmi\u010dev vikend s sve\u010danim bogoslu\u017ejem v Bodoncih"},"content":{"rendered":"<p>Ob\u010dina Puconci, Razvojni zavod ob\u010dine Puconci in Evangeli\u010danska cerkvena ob\u010dina Bodonci vabijo ob 300. obletnici rojstva u\u010ditelja, duhovnika in pisca \u0160tevana K\u00fczmi\u010da na K\u00fczmi\u010dev vikend, ki se bo odvil od 8. do 10. septembra 2023 na igri\u0161\u010du Podru\u017eni\u010dne \u0161ole Bodonci in v tamkaj\u0161nji evangeli\u010danski cerkvi \u0160tevana K\u00fczmi\u010da.<\/p>\n<p>V <strong>petek, 8. septembra,<\/strong> se bo odvil dogodek &#8220;Mali K\u00fczmi\u010d&#8221; v soorganizaciji z O\u0160 Puconci.<\/p>\n<p>V <strong>soboto, 9. septembra,<\/strong> bo od 13. ure naprej potekalo pestro dru\u0161tveno, kulinari\u010dno in sejemsko dogajanje. V ve\u010dernem delu bo sledil koncert Vlada Kreslina, Beltin\u0161ke bande in Recesija banda.<\/p>\n<p>V <strong>nedeljo, 10. septembra, ob 12. uri<\/strong> pa bo v Evangeli\u010danski cerkvi \u0160tevana K\u00fczmi\u010da Bodonci sve\u010dano bogoslu\u017eje in blagoslovitev obnovljene zunanjosti cerkve.<\/p>\n<p>Herzlich eingeladen.<\/p>","protected":false},"excerpt":{"rendered":"<p>Ob\u010dina Puconci, Razvojni zavod ob\u010dine Puconci in Evangeli\u010danska cerkvena ob\u010dina Bodonci vabijo ob 300. obletnici rojstva u\u010ditelja, duhovnika in pisca \u0160tevana K\u00fczmi\u010da na K\u00fczmi\u010dev vikend, ki se bo odvil od 8. do 10. septembra 2023 na igri\u0161\u010du Podru\u017eni\u010dne \u0161ole Bodonci in v tamkaj\u0161nji evangeli\u010danski cerkvi \u0160tevana K\u00fczmi\u010da. V petek, 8. septembra, se bo odvil dogodek<\/p>","protected":false},"author":5,"featured_media":2470,"comment_status":"open","ping_status":"closed","template":"","tags":[],"mec_category":[],"_links":{"self":[{"href":"https:\/\/evang.si\/de\/wp-json\/wp\/v2\/mec-events\/2469"}],"collection":[{"href":"https:\/\/evang.si\/de\/wp-json\/wp\/v2\/mec-events"}],"about":[{"href":"https:\/\/evang.si\/de\/wp-json\/wp\/v2\/types\/mec-events"}],"author":[{"embeddable":true,"href":"https:\/\/evang.si\/de\/wp-json\/wp\/v2\/users\/5"}],"replies":[{"embeddable":true,"href":"https:\/\/evang.si\/de\/wp-json\/wp\/v2\/comments?post=2469"}],"wp:featuredmedia":[{"embeddable":true,"href":"https:\/\/evang.si\/de\/wp-json\/wp\/v2\/media\/2470"}],"wp:attachment":[{"href":"https:\/\/evang.si\/de\/wp-json\/wp\/v2\/media?parent=2469"}],"wp:term":[{"taxonomy":"post_tag","embeddable":true,"href":"https:\/\/evang.si\/de\/wp-json\/wp\/v2\/tags?post=2469"},{"taxonomy":"mec_category","embeddable":true,"href":"https:\/\/evang.si\/de\/wp-json\/wp\/v2\/mec_category?post=2469"}],"curies":[{"name":"wp","href":"https:\/\/api.w.org\/{rel}","templated":true}]}}